{"id":154,"date":"2014-04-06T16:46:09","date_gmt":"2014-04-06T14:46:09","guid":{"rendered":"http:\/\/www.nasardinku.cz\/?page_id=154"},"modified":"2024-12-17T09:43:46","modified_gmt":"2024-12-17T08:43:46","slug":"plaze","status":"publish","type":"page","link":"https:\/\/www.nasardinku.cz\/?page_id=154","title":{"rendered":"pl\u00e1\u017ee"},"content":{"rendered":"<p><strong>Zpracov\u00e1no pro ubytov\u00e1n\u00ed v La Ciaccia<\/strong><\/p>\n<p>Vyd\u00e1te-li se pod\u00e9l pob\u0159e\u017e\u00ed od La Ciaccii sm\u011brem na Porto Torres, naraz\u00edte na nespo\u010det kr\u00e1sn\u00fdch p\u00edse\u010dn\u00fdch pl\u00e1\u017ei\u010dek i v\u011bt\u0161\u00edch pl\u00e1\u017e\u00ed. Opa\u010dn\u00fdm sm\u011brem \u2013 na Santa Teresa se potom t\u00e1hne dlouh\u00e1 p\u00edse\u010dn\u00e1 pl\u00e1\u017e a od jej\u00edho konce pak za\u010d\u00edn\u00e1 pob\u0159e\u017e\u00ed protkan\u00e9 mnoh\u00fdmi \u00fatesy, kr\u00e1sn\u00fdmi skaln\u00edmi \u00fatvary a skryt\u00fdmi p\u00edse\u010dn\u00fdmi i obl\u00e1zkov\u00fdmi pl\u00e1\u017eemi obzvl\u00e1\u0161\u0165 vhodn\u00fdmi k\u00a0pot\u00e1p\u011bn\u00ed.<\/p>\n<p>Z nejbli\u017e\u0161\u00edch pl\u00e1\u017e\u00ed doporu\u010duji jednozna\u010dn\u011b pl\u00e1\u017ee San Pietro a mare u Valledorie, pl\u00e1\u017ee le\u017e\u00edc\u00ed pod Badesi (severn\u00ed \u010d\u00e1st dlouh\u00e9 p\u00edse\u010dn\u00e9 pl\u00e1\u017ee) Li Mindi a Li Junghi, malebnou baia Ostinu skrytou mezi skalami \u00a0p\u0159ed Castelsardem a baia delle Mimose za Valledori\u00ed.<\/p>\n<p>K del\u0161\u00edm cest\u00e1m za kr\u00e1sn\u00fdmi sardsk\u00fdmi pl\u00e1\u017eemi jsem z nep\u0159ebern\u00e9ho mno\u017estv\u00ed mo\u017enost\u00ed vybrala p\u00e1r n\u00e1sleduj\u00edc\u00edch.<\/p>\n<p><b>Costa paradiso 30Km<\/b><\/p>\n<p>Jednozna\u010dn\u011b nesm\u00edte vynechat n\u00e1v\u0161t\u011bvu pl\u00e1\u017e\u00ed na Costa paradiso \u2013 rajsk\u00e9m pob\u0159e\u017e\u00ed. Zdej\u0161\u00ed kamenn\u00e9 \u00fatvary, neopakovateln\u00e9 \u00fatesy a do nich vetknut\u00e1 skryt\u00e1 p\u00edse\u010dn\u00e1 pl\u00e1\u017e, ke kter\u00e9 se dostanete cesti\u010dkou vytesanou do sk\u00e1ly jsou nezapomenuteln\u00e9. Na Costa paradiso je tak\u00e9 pot\u00e1p\u011b\u010dsk\u00e9 centrum, podmo\u0159sk\u00fd \u017eivot je zde ohromn\u011b \u017eiv\u00fd a barevn\u00fd.<\/p>\n<div id=\"attachment_628\" style=\"width: 1510px\" class=\"wp-caption aligncenter\"><a href=\"http:\/\/www.nasardinku.cz\/wp-content\/uploads\/2014\/06\/DSCN2655-e1420358077696.jpg\"><img loading=\"lazy\" decoding=\"async\" aria-describedby=\"caption-attachment-628\" class=\"size-full wp-image-628\" src=\"http:\/\/www.nasardinku.cz\/wp-content\/uploads\/2014\/06\/DSCN2655-e1420358077696.jpg\" alt=\"Costa paradiso\" width=\"1500\" height=\"1125\" \/><\/a><p id=\"caption-attachment-628\" class=\"wp-caption-text\">Costa paradiso<\/p><\/div>\n<p><b>Isola rossa 20Km<\/b><\/p>\n<p>Tato b\u00fdval\u00e1 ryb\u00e1\u0159sk\u00e1 osada je pojmenov\u00e1na podle nedalek\u00e9ho stejnojmenn\u00e9ho ostr\u016fvku z na\u010dervenal\u00e9ho kamene a rozprost\u00edr\u00e1 se na malebn\u00e9m pob\u0159e\u017e\u00ed, kde se pl\u00e1\u017ee s jemn\u00fdm b\u00edl\u00fdm p\u00edskem st\u0159\u00eddaj\u00ed s \u00fatesy z \u010derveno-okrov\u00e9 \u017euly. Kr\u00e1sn\u00e9 mo\u0159e je bohat\u00e9 a je vhodn\u00e9 pro pot\u00e1p\u011bn\u00ed, kdy v jeskyn\u00edch spat\u0159\u00edte mo\u0159sk\u00e9 kopretiny i \u010derven\u00fd kor\u00e1l.<\/p>\n<p>Je\u0161t\u011b p\u0159ed samotnou vesnic\u00ed je odbo\u010dka doprava k\u00a0p\u00edse\u010dn\u00e9 pl\u00e1\u017ei La Marinedda. Na pl\u00e1\u017ei je jemn\u00fd p\u00edsek, pozvoln\u00fd vstup do vody a kr\u00e1sn\u00e1 z\u00e1kout\u00ed tvo\u0159en\u00e1 hladk\u00fdmi skalisky.<\/p>\n<div id=\"attachment_526\" style=\"width: 610px\" class=\"wp-caption aligncenter\"><a href=\"http:\/\/www.nasardinku.cz\/wp-content\/uploads\/2014\/06\/20140617_192630.jpg\"><img loading=\"lazy\" decoding=\"async\" aria-describedby=\"caption-attachment-526\" class=\"size-full wp-image-526\" src=\"http:\/\/www.nasardinku.cz\/wp-content\/uploads\/2014\/06\/20140617_192630.jpg\" alt=\"Isola Rossa\" width=\"600\" height=\"337\" srcset=\"https:\/\/www.nasardinku.cz\/wp-content\/uploads\/2014\/06\/20140617_192630.jpg 600w, https:\/\/www.nasardinku.cz\/wp-content\/uploads\/2014\/06\/20140617_192630-300x168.jpg 300w\" sizes=\"auto, (max-width: 600px) 100vw, 600px\" \/><\/a><p id=\"caption-attachment-526\" class=\"wp-caption-text\">Isola Rossa<\/p><\/div>\n<p><b>Baia delle mimose 11 Km<\/b><\/p>\n<p>Tato pl\u00e1\u017e je ide\u00e1ln\u00ed pro milovn\u00edky dlouh\u00fdch prostorn\u00fdch p\u00edse\u010dn\u00fdch pl\u00e1\u017e\u00ed a velk\u00fdch vln. Nach\u00e1z\u00ed se u vesni\u010dky Pirotto li Frati ve st\u0159edu n\u011bkolik kilometr\u016f dlouh\u00e9 pl\u00e1\u017ee t\u00e1hnouc\u00ed se od La Ciaccii a\u017e do Isola Rossa. Obdobn\u00fd charakter, mo\u017en\u00e1 o n\u011bco p\u0159\u00edrodn\u011bj\u0161\u00ed maj\u00ed pl\u00e1\u017ee pod Badesi \u2013 Li Mindi a Li Junghi.<\/p>\n<p><a href=\"http:\/\/www.nasardinku.cz\/wp-content\/uploads\/2014\/06\/20140615_1641511-e1420359184364.jpg\"><img loading=\"lazy\" decoding=\"async\" class=\"aligncenter size-full wp-image-633\" src=\"http:\/\/www.nasardinku.cz\/wp-content\/uploads\/2014\/06\/20140615_1641511-e1420359184364.jpg\" alt=\"Pl\u00e1\u017ee pod Badesi\" width=\"1500\" height=\"844\" \/><\/a><\/p>\n<p><b>V Oroseisk\u00e9m z\u00e1livu: Cala Luna, Cala Sisine a Cala Mariolu (190Km) <\/b><em>N\u00e1m\u011bt na vzd\u00e1len\u011bj\u0161\u00ed v\u00fdlet p\u0159i del\u0161\u00edch pobytech<\/em><b><\/b><\/p>\n<p>Pl\u00e1\u017ee Oroseisk\u00e9ho z\u00e1livu jsou \u0161irok\u00e9, p\u00edse\u010dn\u00e9 nekone\u010dn\u00e9 pl\u00e1\u017ee zasazen\u00e9 do kr\u00e1sn\u00e9 p\u0159\u00edrody.<\/p>\n<p><b>Biderossa (200 km) <\/b><em>N\u00e1m\u011bt na vzd\u00e1len\u011bj\u0161\u00ed v\u00fdlet p\u0159i del\u0161\u00edch pobytech<\/em><b><\/b><\/p>\n<p>Jen kousek od historick\u00e9 italsk\u00e9\u00a0<strong>vesni\u010dky Orosei<\/strong>\u00a0lze nal\u00e9zt nen\u00e1padn\u00fd p\u0159\u00edmo\u0159sk\u00fd r\u00e1j, kter\u00fd m\u00e1 stejn\u00e9 modr\u00e9 p\u00edsky a azurovou vodu jako slavn\u011bj\u0161\u00ed Porto Cervo, ale t\u00e9m\u011b\u0159 \u017e\u00e1dn\u00fdch n\u00e1v\u0161t\u011bvn\u00edk\u016f.\u00a0Vd\u011b\u010d\u00ed za to omezen\u00e9mu po\u010dtu parkovac\u00edch m\u00edst a slab\u00e9mu zna\u010den\u00ed d\u00e1lni\u010dn\u00edho v\u00fdjezdu, p\u0159i\u010dem\u017e p\u011b\u0161\u00ed p\u0159\u00edstup n\u00e1v\u0161t\u011bvn\u00edk\u016f odrazuje tak\u00e9, proto\u017ee pl\u00e1\u017e je vzd\u00e1lena 3 kilometry od nejbli\u017e\u0161\u00ed obce.<\/p>\n","protected":false},"excerpt":{"rendered":"<p>Zpracov\u00e1no pro ubytov\u00e1n\u00ed v La Ciaccia Vyd\u00e1te-li se pod\u00e9l pob\u0159e\u017e\u00ed od La Ciaccii sm\u011brem na Porto Torres, naraz\u00edte na nespo\u010det kr\u00e1sn\u00fdch p\u00edse\u010dn\u00fdch pl\u00e1\u017ei\u010dek i v\u011bt\u0161\u00edch pl\u00e1\u017e\u00ed. Opa\u010dn\u00fdm sm\u011brem \u2013 na Santa Teresa se potom t\u00e1hne dlouh\u00e1 p\u00edse\u010dn\u00e1 pl\u00e1\u017e a od jej\u00edho konce pak za\u010d\u00edn\u00e1 pob\u0159e\u017e\u00ed protkan\u00e9 mnoh\u00fdmi \u00fatesy, kr\u00e1sn\u00fdmi skaln\u00edmi \u00fatvary a skryt\u00fdmi p\u00edse\u010dn\u00fdmi i obl\u00e1zkov\u00fdmi pl\u00e1\u017eemi obzvl\u00e1\u0161\u0165 vhodn\u00fdmi k\u00a0pot\u00e1p\u011bn\u00ed. Z nejbli\u017e\u0161\u00edch pl\u00e1\u017e\u00ed doporu\u010duji jednozna\u010dn\u011b pl\u00e1\u017ee San Pietro a mare u Valledorie, pl\u00e1\u017ee le\u017e\u00edc\u00ed pod Badesi (severn\u00ed \u010d\u00e1st dlouh\u00e9 p\u00edse\u010dn\u00e9 pl\u00e1\u017ee) Li Mindi a Li Junghi, malebnou baia Ostinu skrytou mezi skalami \u00a0p\u0159ed Castelsardem a baia delle Mimose za Valledori\u00ed. K del\u0161\u00edm cest\u00e1m za kr\u00e1sn\u00fdmi sardsk\u00fdmi pl\u00e1\u017eemi jsem z nep\u0159ebern\u00e9ho mno\u017estv\u00ed mo\u017enost\u00ed vybrala p\u00e1r n\u00e1sleduj\u00edc\u00edch. Costa paradiso 30Km Jednozna\u010dn\u011b nesm\u00edte vynechat n\u00e1v\u0161t\u011bvu pl\u00e1\u017e\u00ed na Costa paradiso \u2013 rajsk\u00e9m pob\u0159e\u017e\u00ed. Zdej\u0161\u00ed kamenn\u00e9 \u00fatvary, neopakovateln\u00e9 \u00fatesy a do nich vetknut\u00e1 skryt\u00e1 p\u00edse\u010dn\u00e1 pl\u00e1\u017e, ke kter\u00e9 se dostanete cesti\u010dkou vytesanou do sk\u00e1ly jsou nezapomenuteln\u00e9. Na Costa paradiso je tak\u00e9 pot\u00e1p\u011b\u010dsk\u00e9 centrum, podmo\u0159sk\u00fd \u017eivot je zde ohromn\u011b \u017eiv\u00fd a barevn\u00fd. Isola rossa 20Km Tato b\u00fdval\u00e1 ryb\u00e1\u0159sk\u00e1 osada je pojmenov\u00e1na podle nedalek\u00e9ho stejnojmenn\u00e9ho ostr\u016fvku z na\u010dervenal\u00e9ho kamene a rozprost\u00edr\u00e1 se na malebn\u00e9m pob\u0159e\u017e\u00ed, kde se pl\u00e1\u017ee s jemn\u00fdm b\u00edl\u00fdm p\u00edskem st\u0159\u00eddaj\u00ed s \u00fatesy z \u010derveno-okrov\u00e9 \u017euly. Kr\u00e1sn\u00e9 mo\u0159e je bohat\u00e9 a je vhodn\u00e9 pro pot\u00e1p\u011bn\u00ed, kdy v jeskyn\u00edch spat\u0159\u00edte mo\u0159sk\u00e9 kopretiny i \u010derven\u00fd kor\u00e1l. Je\u0161t\u011b p\u0159ed samotnou vesnic\u00ed je odbo\u010dka doprava k\u00a0p\u00edse\u010dn\u00e9 pl\u00e1\u017ei La Marinedda. Na pl\u00e1\u017ei je jemn\u00fd p\u00edsek, pozvoln\u00fd vstup do vody a kr\u00e1sn\u00e1 z\u00e1kout\u00ed tvo\u0159en\u00e1 hladk\u00fdmi skalisky. Baia delle mimose 11 Km <a class=\"read-more\" href=\"https:\/\/www.nasardinku.cz\/?page_id=154\">Continue Reading &#8594;<\/a><\/p>\n","protected":false},"author":1,"featured_media":0,"parent":13,"menu_order":0,"comment_status":"open","ping_status":"open","template":"","meta":{"footnotes":""},"class_list":["post-154","page","type-page","status-publish","hentry"],"_links":{"self":[{"href":"https:\/\/www.nasardinku.cz\/index.php?rest_route=\/wp\/v2\/pages\/154","targetHints":{"allow":["GET"]}}],"collection":[{"href":"https:\/\/www.nasardinku.cz\/index.php?rest_route=\/wp\/v2\/pages"}],"about":[{"href":"https:\/\/www.nasardinku.cz\/index.php?rest_route=\/wp\/v2\/types\/page"}],"author":[{"embeddable":true,"href":"https:\/\/www.nasardinku.cz\/index.php?rest_route=\/wp\/v2\/users\/1"}],"replies":[{"embeddable":true,"href":"https:\/\/www.nasardinku.cz\/index.php?rest_route=%2Fwp%2Fv2%2Fcomments&post=154"}],"version-history":[{"count":11,"href":"https:\/\/www.nasardinku.cz\/index.php?rest_route=\/wp\/v2\/pages\/154\/revisions"}],"predecessor-version":[{"id":2212,"href":"https:\/\/www.nasardinku.cz\/index.php?rest_route=\/wp\/v2\/pages\/154\/revisions\/2212"}],"up":[{"embeddable":true,"href":"https:\/\/www.nasardinku.cz\/index.php?rest_route=\/wp\/v2\/pages\/13"}],"wp:attachment":[{"href":"https:\/\/www.nasardinku.cz\/index.php?rest_route=%2Fwp%2Fv2%2Fmedia&parent=154"}],"curies":[{"name":"wp","href":"https:\/\/api.w.org\/{rel}","templated":true}]}}